{"id":43,"date":"2023-01-13T13:12:19","date_gmt":"2023-01-13T12:12:19","guid":{"rendered":"https:\/\/rutadeloselementos.com\/?page_id=43"},"modified":"2023-06-16T10:21:11","modified_gmt":"2023-06-16T09:21:11","slug":"ruta-de-los-elementos","status":"publish","type":"page","link":"https:\/\/rutadeloselementos.com\/","title":{"rendered":"Inicio"},"content":{"rendered":"\n<h3 class=\"wp-block-heading alignfull has-text-align-center\"><em>Bikepacking consciente por la Navarra m\u00e1s salvaje, primitiva y desconocida. Un viaje interior por el territorio que habitamos.<\/em><\/h3>\n\n\n\n<div class=\"wp-block-buttons is-content-justification-center is-layout-flex wp-container-core-buttons-is-layout-20959078 wp-block-buttons-is-layout-flex\">\n<div class=\"wp-block-button\"><a class=\"wp-block-button__link wp-element-button\" href=\"https:\/\/rutadeloselementos.com\/index.php\/ruta-de-los-elementos\/zona-de-descargas\/\">LA RUTA<\/a><\/div>\n<\/div>\n\n\n\n<h3 class=\"wp-block-heading alignfull has-text-align-center\"><em>Conscious Bikepacking in the wildest, most primitive and unknown Navarra. An inner journey through the territorio we inhabit.<\/em><\/h3>\n\n\n\n<div class=\"wp-block-buttons is-content-justification-center is-layout-flex wp-container-core-buttons-is-layout-20959078 wp-block-buttons-is-layout-flex\">\n<div class=\"wp-block-button\"><a class=\"wp-block-button__link wp-element-button\" href=\"https:\/\/rutadeloselementos.com\/index.php\/ruta-de-los-elementos\/the-route\/\/\">THE ROUTE<\/a><\/div>\n<\/div>\n\n\n\n<div style=\"height:25px\" aria-hidden=\"true\" class=\"wp-block-spacer\"><\/div>\n\n\n\n<figure class=\"wp-block-image alignfull\"><img loading=\"lazy\" decoding=\"async\" width=\"972\" height=\"972\" src=\"https:\/\/rutadeloselementos.com\/wp-content\/uploads\/2023\/01\/Esquema.png\" alt=\"\" class=\"wp-image-352\" srcset=\"https:\/\/rutadeloselementos.com\/wp-content\/uploads\/2023\/01\/Esquema.png 972w, https:\/\/rutadeloselementos.com\/wp-content\/uploads\/2023\/01\/Esquema-300x300.png 300w, https:\/\/rutadeloselementos.com\/wp-content\/uploads\/2023\/01\/Esquema-150x150.png 150w, https:\/\/rutadeloselementos.com\/wp-content\/uploads\/2023\/01\/Esquema-768x768.png 768w\" sizes=\"auto, (max-width: 972px) 100vw, 972px\" \/><\/figure>\n\n\n\n<h6 class=\"wp-block-heading\">Un recorrido en Navarra y alrededores que despierta sensaciones de silencio, contacto con la naturaleza, y lejan\u00eda de la acci\u00f3n del hombre sobre el medio. Ofrece un recorrido de bikepacking consciente, propicio para la introspecci\u00f3n y crecimiento interior.<\/h6>\n\n\n\n<h6 class=\"wp-block-heading\">A tour in Navarra and its surroundings that arouses sensations of silence, contact with nature, and distance from man&#8217;s action on the environment. It offers a conscious bikepacking tour, conducive to introspection and inner growth. <\/h6>\n\n\n\n<div class=\"wp-block-cover alignfull\" style=\"min-height:800px;aspect-ratio:unset;\"><span aria-hidden=\"true\" class=\"wp-block-cover__background has-background-dim-60 has-background-dim\"><\/span><img loading=\"lazy\" decoding=\"async\" width=\"2048\" height=\"1536\" class=\"wp-block-cover__image-background wp-image-26\" alt=\"Tierra\" src=\"https:\/\/rutadeloselementos.com\/wp-content\/uploads\/2023\/01\/Pista-3.jpg\" data-object-fit=\"cover\" srcset=\"https:\/\/rutadeloselementos.com\/wp-content\/uploads\/2023\/01\/Pista-3.jpg 2048w, https:\/\/rutadeloselementos.com\/wp-content\/uploads\/2023\/01\/Pista-3-300x225.jpg 300w, https:\/\/rutadeloselementos.com\/wp-content\/uploads\/2023\/01\/Pista-3-1024x768.jpg 1024w, https:\/\/rutadeloselementos.com\/wp-content\/uploads\/2023\/01\/Pista-3-768x576.jpg 768w, https:\/\/rutadeloselementos.com\/wp-content\/uploads\/2023\/01\/Pista-3-1536x1152.jpg 1536w\" sizes=\"auto, (max-width: 2048px) 100vw, 2048px\" \/><div class=\"wp-block-cover__inner-container is-layout-flow wp-block-cover-is-layout-flow\">\n<h2 class=\"wp-block-heading alignwide has-text-align-center has-background-color has-text-color has-link-color wp-elements-1\" style=\"font-size:64px\"><em><strong><a rel=\"noreferrer noopener\" href=\"https:\/\/rutadeloselementos.com\/index.php\/ruta-de-los-elementos\/anillo-de-tierra\/\" data-type=\"URL\" data-id=\"https:\/\/rutadeloselementos.com\/index.php\/ruta-de-los-elementos\/anillo-de-tierra\/\" target=\"_blank\">Tierra<\/a><\/strong>.<\/em><\/h2>\n\n\n\n<div class=\"wp-block-group is-layout-constrained wp-block-group-is-layout-constrained\">\n<p class=\"has-text-align-center has-background-color has-text-color wp-block-paragraph\"><em>En este itinerario visitar\u00e1s lugares en los que ha vivido el hombre y que han sido transformados. Desde el vibrante valle del Ebro, el tranquilo valle del Queiles, las Tierras Altas de Soria que luchan por no desaparecer, con el irreductible pueblo de Sarnago con m\u00e1s de 40 a\u00f1os de lucha contra la despoblaci\u00f3n. Tambi\u00e9n podr\u00e1s visitar la ruta de los despoblados donde la mano del hombre ha dejado paso libre a la naturaleza.<\/em><\/p>\n\n\n\n<div class=\"wp-block-buttons is-content-justification-center is-layout-flex wp-container-core-buttons-is-layout-f0810808 wp-block-buttons-is-layout-flex\">\n<div class=\"wp-block-button\"><a class=\"wp-block-button__link has-background-color has-text-color wp-element-button\" href=\"https:\/\/rutadeloselementos.com\/index.php\/ruta-de-los-elementos\/anillo-de-tierra\/\">214km(2540m)-Ir<\/a><\/div>\n<\/div>\n<\/div>\n\n\n\n<h2 class=\"wp-block-heading alignwide has-text-align-center has-background-color has-text-color has-link-color wp-elements-2\" style=\"font-size:64px\"><strong><a href=\"https:\/\/rutadeloselementos.com\/index.php\/ruta-de-los-elementos\/the-route\/ring-of-earth\/\"><em>Earth<\/em><\/a><\/strong><em><a href=\"https:\/\/rutadeloselementos.com\/index.php\/ruta-de-los-elementos\/the-route\/ring-of-earth\/\">.<\/a><\/em><\/h2>\n\n\n\n<div class=\"wp-block-group is-layout-constrained wp-block-group-is-layout-constrained\">\n<p class=\"has-text-align-center has-background-color has-text-color wp-block-paragraph\"><em>In this itinerary you will visit places where man has lived and that have been transformed. From the vibrant Ebro valley, the quiet valley of Queiles, the Highlands of Soria that fight not to disappear, with the irreducible village of Sarnago with more than 40 years of struggle against depopulation. You can also visit the route of the depopulated where the hand of man has left free passage to nature.<\/em><\/p>\n\n\n\n<div class=\"wp-block-buttons is-content-justification-center is-layout-flex wp-container-core-buttons-is-layout-f0810808 wp-block-buttons-is-layout-flex\">\n<div class=\"wp-block-button\"><a class=\"wp-block-button__link has-background-color has-text-color wp-element-button\" href=\"https:\/\/rutadeloselementos.com\/index.php\/ruta-de-los-elementos\/the-route\/ring-of-earth\/\">214km(2540m)-Go<\/a><\/div>\n<\/div>\n<\/div>\n<\/div><\/div>\n\n\n\n<div class=\"wp-block-cover alignfull\" style=\"min-height:731px;aspect-ratio:unset;\"><span aria-hidden=\"true\" class=\"wp-block-cover__background has-background-dim\"><\/span><img loading=\"lazy\" decoding=\"async\" width=\"1440\" height=\"1078\" class=\"wp-block-cover__image-background wp-image-66\" alt=\"Fuego\" src=\"https:\/\/rutadeloselementos.com\/wp-content\/uploads\/2023\/01\/Bardenas-Jose-Hinojosa-2.jpg\" data-object-fit=\"cover\" srcset=\"https:\/\/rutadeloselementos.com\/wp-content\/uploads\/2023\/01\/Bardenas-Jose-Hinojosa-2.jpg 1440w, https:\/\/rutadeloselementos.com\/wp-content\/uploads\/2023\/01\/Bardenas-Jose-Hinojosa-2-300x225.jpg 300w, https:\/\/rutadeloselementos.com\/wp-content\/uploads\/2023\/01\/Bardenas-Jose-Hinojosa-2-1024x767.jpg 1024w, https:\/\/rutadeloselementos.com\/wp-content\/uploads\/2023\/01\/Bardenas-Jose-Hinojosa-2-768x575.jpg 768w\" sizes=\"auto, (max-width: 1440px) 100vw, 1440px\" \/><div class=\"wp-block-cover__inner-container is-layout-flow wp-block-cover-is-layout-flow\">\n<h2 class=\"wp-block-heading alignwide has-text-align-center has-background-color has-text-color has-link-color wp-elements-3\" style=\"font-size:64px\"><em><strong><a rel=\"noreferrer noopener\" href=\"https:\/\/rutadeloselementos.com\/index.php\/ruta-de-los-elementos\/anillo-de-fuego\/\" target=\"_blank\">Fuego<\/a><\/strong>.<\/em><\/h2>\n\n\n\n<div class=\"wp-block-group is-layout-constrained wp-block-group-is-layout-constrained\">\n<p class=\"has-text-align-center has-background-color has-text-color wp-block-paragraph\"><em>Este itinerario te permitir\u00e1 conocer los lugares m\u00e1s emblem\u00e1ticos del Parque Natural y Reserva de la Biosfera por la Unesco de Las Bardenas Reales. Visitar\u00e1s Castildetierra, La negra, Piskerra, el Pastor, Vedado de Eguaras, varias caba\u00f1as, Sancho Abarca y m\u00e1s.<\/em><\/p>\n\n\n\n<div class=\"wp-block-buttons is-content-justification-center is-layout-flex wp-container-core-buttons-is-layout-20959078 wp-block-buttons-is-layout-flex\">\n<div class=\"wp-block-button\"><a class=\"wp-block-button__link has-background-color has-text-color wp-element-button\" href=\"https:\/\/rutadeloselementos.com\/index.php\/ruta-de-los-elementos\/anillo-de-fuego\/\" target=\"_blank\" rel=\"noreferrer noopener\">184km(1300m)-Ir<\/a><\/div>\n<\/div>\n<\/div>\n\n\n\n<h2 class=\"wp-block-heading alignwide has-text-align-center has-background-color has-text-color has-link-color wp-elements-4\" style=\"font-size:64px\"><strong><em><a href=\"https:\/\/rutadeloselementos.com\/index.php\/ruta-de-los-elementos\/the-route\/ring-of-fire\/\">Fire.<\/a><\/em><\/strong><\/h2>\n\n\n\n<div class=\"wp-block-group is-layout-constrained wp-block-group-is-layout-constrained\">\n<p class=\"has-text-align-center has-background-color has-text-color wp-block-paragraph\"><em>This itinerary will allow you to know the most emblematic places of the Natural Park and Biosphere Reserve by Unesco of Las Bardenas Reales. You will visit Castildetierra, La negra, Piskerra, the Sheperd, Vedado de Eguaras, several cabins, Sancho Abarca and more.<\/em><\/p>\n\n\n\n<div class=\"wp-block-buttons is-content-justification-center is-layout-flex wp-container-core-buttons-is-layout-20959078 wp-block-buttons-is-layout-flex\">\n<div class=\"wp-block-button\"><a class=\"wp-block-button__link has-background-color has-text-color wp-element-button\" href=\"https:\/\/rutadeloselementos.com\/index.php\/ruta-de-los-elementos\/the-route\/ring-of-fire\/\" target=\"_blank\" rel=\"noreferrer noopener\">184km(1300m)-Go<\/a><\/div>\n<\/div>\n<\/div>\n<\/div><\/div>\n\n\n\n<div class=\"wp-block-cover alignfull\" style=\"min-height:800px;aspect-ratio:unset;\"><span aria-hidden=\"true\" class=\"wp-block-cover__background has-background-dim\"><\/span><img loading=\"lazy\" decoding=\"async\" width=\"1440\" height=\"1078\" class=\"wp-block-cover__image-background wp-image-59\" alt=\"Agua\" src=\"https:\/\/rutadeloselementos.com\/wp-content\/uploads\/2023\/01\/Foz-de-Lumbier-Jose-Hinojosa-2.jpg\" data-object-fit=\"cover\" srcset=\"https:\/\/rutadeloselementos.com\/wp-content\/uploads\/2023\/01\/Foz-de-Lumbier-Jose-Hinojosa-2.jpg 1440w, https:\/\/rutadeloselementos.com\/wp-content\/uploads\/2023\/01\/Foz-de-Lumbier-Jose-Hinojosa-2-300x225.jpg 300w, https:\/\/rutadeloselementos.com\/wp-content\/uploads\/2023\/01\/Foz-de-Lumbier-Jose-Hinojosa-2-1024x767.jpg 1024w, https:\/\/rutadeloselementos.com\/wp-content\/uploads\/2023\/01\/Foz-de-Lumbier-Jose-Hinojosa-2-768x575.jpg 768w\" sizes=\"auto, (max-width: 1440px) 100vw, 1440px\" \/><div class=\"wp-block-cover__inner-container is-layout-flow wp-block-cover-is-layout-flow\">\n<h2 class=\"wp-block-heading alignwide has-text-align-center has-background-color has-text-color has-link-color wp-elements-5\" style=\"font-size:64px\"><em><a href=\"https:\/\/rutadeloselementos.com\/index.php\/ruta-de-los-elementos\/anillo-de-agua\/\" target=\"_blank\" rel=\"noreferrer noopener\"><strong>Agua<\/strong>.<\/a><\/em><\/h2>\n\n\n\n<div class=\"wp-block-group is-layout-constrained wp-block-group-is-layout-constrained\">\n<p class=\"has-text-align-center has-background-color has-text-color wp-block-paragraph\"><em>Disfruta de este itinerario donde tendr\u00e1s varias oportunidades de refrescarte d\u00e1ndote un ba\u00f1o sumergi\u00e9ndote en el AGUA de r\u00edos y fuentes naturales o si no acompa\u00f1a el tiempo, disfrutando de la lluvia siempre posible en <\/em>Navarra. Visita la Foz de Lumbier, el castillo de Javier, San Zoilo, el valle del Arag\u00f3n.<\/p>\n\n\n\n<div class=\"wp-block-buttons is-content-justification-center is-layout-flex wp-container-core-buttons-is-layout-20959078 wp-block-buttons-is-layout-flex\">\n<div class=\"wp-block-button\"><a class=\"wp-block-button__link has-background-color has-text-color wp-element-button\" href=\"https:\/\/rutadeloselementos.com\/index.php\/ruta-de-los-elementos\/anillo-de-agua\/\" target=\"_blank\" rel=\"noreferrer noopener\">163km(1900m)-Ir<\/a><\/div>\n<\/div>\n<\/div>\n\n\n\n<h2 class=\"wp-block-heading alignwide has-text-align-center has-background-color has-text-color has-link-color wp-elements-6\" style=\"font-size:64px\"><strong><em><a href=\"https:\/\/rutadeloselementos.com\/index.php\/ruta-de-los-elementos\/the-route\/ring-of-water\/\">Water.<\/a><\/em><\/strong><\/h2>\n\n\n\n<div class=\"wp-block-group is-layout-constrained wp-block-group-is-layout-constrained\">\n<p class=\"has-text-align-center has-background-color has-text-color wp-block-paragraph\"><em><em>Enjoy this itinerary where you will have several opportunities to cool off by taking a bath immersing yourself in the WATER of rivers and natural sources or if it does not accompany the weather, enjoying the rain always possible in <\/em>Navarra.<\/em> Visit the Foz of Lumbier, Javier&#8217;s castle, San Zoilo, Aragon&#8217;s valley.<\/p>\n\n\n\n<div class=\"wp-block-buttons is-content-justification-center is-layout-flex wp-container-core-buttons-is-layout-20959078 wp-block-buttons-is-layout-flex\">\n<div class=\"wp-block-button\"><a class=\"wp-block-button__link has-background-color has-text-color wp-element-button\" href=\"https:\/\/rutadeloselementos.com\/index.php\/ruta-de-los-elementos\/the-route\/ring-of-water\/\" target=\"_blank\" rel=\"noreferrer noopener\">163km(1900m)-Go<\/a><\/div>\n<\/div>\n<\/div>\n<\/div><\/div>\n\n\n\n<div class=\"wp-block-cover alignfull\" style=\"min-height:800px;aspect-ratio:unset;\"><span aria-hidden=\"true\" class=\"wp-block-cover__background has-background-dim\"><\/span><img loading=\"lazy\" decoding=\"async\" width=\"1440\" height=\"809\" class=\"wp-block-cover__image-background wp-image-48\" alt=\"Viento\" src=\"https:\/\/rutadeloselementos.com\/wp-content\/uploads\/2023\/01\/Vistas-desde-Gallipienzo-Jose-Hinojosa.jpg\" data-object-fit=\"cover\" srcset=\"https:\/\/rutadeloselementos.com\/wp-content\/uploads\/2023\/01\/Vistas-desde-Gallipienzo-Jose-Hinojosa.jpg 1440w, https:\/\/rutadeloselementos.com\/wp-content\/uploads\/2023\/01\/Vistas-desde-Gallipienzo-Jose-Hinojosa-300x169.jpg 300w, https:\/\/rutadeloselementos.com\/wp-content\/uploads\/2023\/01\/Vistas-desde-Gallipienzo-Jose-Hinojosa-1024x575.jpg 1024w, https:\/\/rutadeloselementos.com\/wp-content\/uploads\/2023\/01\/Vistas-desde-Gallipienzo-Jose-Hinojosa-768x431.jpg 768w\" sizes=\"auto, (max-width: 1440px) 100vw, 1440px\" \/><div class=\"wp-block-cover__inner-container is-layout-flow wp-block-cover-is-layout-flow\">\n<h2 class=\"wp-block-heading alignwide has-text-align-center has-background-color has-text-color has-link-color wp-elements-7\" style=\"font-size:64px\"><strong><a rel=\"noreferrer noopener\" href=\"https:\/\/rutadeloselementos.com\/index.php\/ruta-de-los-elementos\/anillo-de-viento\/\" target=\"_blank\"><em>Viento.<\/em><\/a><\/strong><\/h2>\n\n\n\n<div class=\"wp-block-group is-layout-constrained wp-block-group-is-layout-constrained\">\n<p class=\"has-text-align-center has-background-color has-text-color wp-block-paragraph\"><em>Disfruta de este itinerario donde el VIENTO te acompa\u00f1ar\u00e1 casi en la totalidad del recorrido con seguridad, lo m\u00e1s probable que sea de costado. A cambio disfrutar\u00e1s de unas vistas incre\u00edbles del Pirineo y de una de las zonas m\u00e1s salvajes y desconocidas de Navarra (La Bizkaia y parte de GR1).<\/em><\/p>\n\n\n\n<div class=\"wp-block-buttons is-content-justification-center is-layout-flex wp-container-core-buttons-is-layout-20959078 wp-block-buttons-is-layout-flex\">\n<div class=\"wp-block-button\"><a class=\"wp-block-button__link has-background-color has-text-color wp-element-button\" href=\"https:\/\/rutadeloselementos.com\/index.php\/ruta-de-los-elementos\/anillo-de-viento\/\" target=\"_blank\" rel=\"noreferrer noopener\">131km(2176m)-Ir<\/a><\/div>\n<\/div>\n<\/div>\n\n\n\n<h2 class=\"wp-block-heading alignwide has-text-align-center has-background-color has-text-color has-link-color wp-elements-8\" style=\"font-size:64px\"><strong><a href=\"https:\/\/rutadeloselementos.com\/index.php\/ruta-de-los-elementos\/the-route\/ring-of-wind\/\" target=\"_blank\" rel=\"noreferrer noopener\"><em>Wind.<\/em><\/a><\/strong><\/h2>\n\n\n\n<div class=\"wp-block-group is-layout-constrained wp-block-group-is-layout-constrained\">\n<p class=\"has-text-align-center has-background-color has-text-color wp-block-paragraph\"><em>Enjoy this itinerary where the WIND will accompany you almost the entire route safely, most likely sideways. In return you will enjoy incredible views of Pyrenees and one of the wildest and most unknown areas of Navarre (La Bizkaia and part of GR1).<\/em><\/p>\n\n\n\n<div class=\"wp-block-buttons is-content-justification-center is-layout-flex wp-container-core-buttons-is-layout-20959078 wp-block-buttons-is-layout-flex\">\n<div class=\"wp-block-button\"><a class=\"wp-block-button__link has-background-color has-text-color wp-element-button\" href=\"https:\/\/rutadeloselementos.com\/index.php\/ruta-de-los-elementos\/the-route\/ring-of-wind\/\" target=\"_blank\" rel=\"noreferrer noopener\">131km(2176m)-Go<\/a><\/div>\n<\/div>\n<\/div>\n<\/div><\/div>\n","protected":false},"excerpt":{"rendered":"<p>Bikepacking consciente por la Navarra m\u00e1s salvaje, primitiva y desconocida. Un viaje interior por el territorio que habitamos. Conscious Bikepacking in the wildest, most primitive and unknown Navarra. An inner journey through the territorio we inhabit. Un recorrido en Navarra y alrededores que despierta sensaciones de silencio, contacto con la naturaleza, y lejan\u00eda de la [&hellip;]<\/p>\n","protected":false},"author":1,"featured_media":0,"parent":0,"menu_order":0,"comment_status":"closed","ping_status":"closed","template":"page-large-header","meta":{"footnotes":""},"class_list":["post-43","page","type-page","status-publish","hentry"],"_links":{"self":[{"href":"https:\/\/rutadeloselementos.com\/index.php\/wp-json\/wp\/v2\/pages\/43","targetHints":{"allow":["GET"]}}],"collection":[{"href":"https:\/\/rutadeloselementos.com\/index.php\/wp-json\/wp\/v2\/pages"}],"about":[{"href":"https:\/\/rutadeloselementos.com\/index.php\/wp-json\/wp\/v2\/types\/page"}],"author":[{"embeddable":true,"href":"https:\/\/rutadeloselementos.com\/index.php\/wp-json\/wp\/v2\/users\/1"}],"replies":[{"embeddable":true,"href":"https:\/\/rutadeloselementos.com\/index.php\/wp-json\/wp\/v2\/comments?post=43"}],"version-history":[{"count":96,"href":"https:\/\/rutadeloselementos.com\/index.php\/wp-json\/wp\/v2\/pages\/43\/revisions"}],"predecessor-version":[{"id":660,"href":"https:\/\/rutadeloselementos.com\/index.php\/wp-json\/wp\/v2\/pages\/43\/revisions\/660"}],"wp:attachment":[{"href":"https:\/\/rutadeloselementos.com\/index.php\/wp-json\/wp\/v2\/media?parent=43"}],"curies":[{"name":"wp","href":"https:\/\/api.w.org\/{rel}","templated":true}]}}